{"id":46,"date":"2022-06-27T10:43:42","date_gmt":"2022-06-27T10:43:42","guid":{"rendered":"https:\/\/ferienwohnung-deiningen.de\/?page_id=46"},"modified":"2022-06-27T13:08:16","modified_gmt":"2022-06-27T13:08:16","slug":"ausstattung-wohnung-anna","status":"publish","type":"page","link":"https:\/\/ferienwohnung-deiningen.de\/?page_id=46","title":{"rendered":"Ausstattung  Wohnung Anna"},"content":{"rendered":"\n<p><\/p>\n\n\n<div id=\"metaslider-id-113\" style=\"width: 100%;\" class=\"ml-slider-3-108-0 metaslider metaslider-flex metaslider-113 ml-slider has-dots-nav ms-theme-default\" role=\"region\" aria-label=\"Slide Anna\" data-height=\"300\" data-width=\"600\">\n    <div id=\"metaslider_container_113\">\n        <div id=\"metaslider_113\">\n            <ul class='slides'>\n                <li style=\"display: block; width: 100%;\" class=\"slide-157 ms-image \" aria-roledescription=\"slide\" data-date=\"2022-06-27 13:03:41\" data-filename=\"Anna_Wohnen_1-scaled-600x300.jpg\" data-slide-type=\"image\"><img src=\"https:\/\/ferienwohnung-deiningen.de\/wp-content\/uploads\/2022\/06\/Anna_Wohnen_1-scaled-600x300.jpg\" height=\"300\" width=\"600\" alt=\"\" class=\"slider-113 slide-157 msDefaultImage\" title=\"Anna_Wohnen_1\" \/><div class=\"caption-wrap\"><div class=\"caption\">Wohnbereich mit Fernseher<\/div><\/div><\/li>\n                <li style=\"display: none; width: 100%;\" class=\"slide-154 ms-image \" aria-roledescription=\"slide\" data-date=\"2022-06-27 13:03:41\" data-filename=\"Anna_Kueche_1-scaled-600x300.jpg\" data-slide-type=\"image\"><img src=\"https:\/\/ferienwohnung-deiningen.de\/wp-content\/uploads\/2022\/06\/Anna_Kueche_1-scaled-600x300.jpg\" height=\"300\" width=\"600\" alt=\"\" class=\"slider-113 slide-154 msDefaultImage\" title=\"Anna_K\u00fcche_1\" \/><div class=\"caption-wrap\"><div class=\"caption\">Die K\u00fcche ist komplett ausgestattet<\/div><\/div><\/li>\n                <li style=\"display: none; width: 100%;\" class=\"slide-153 ms-image \" aria-roledescription=\"slide\" data-date=\"2022-06-27 13:03:40\" data-filename=\"Anna_Ess_1-scaled-600x300.jpg\" data-slide-type=\"image\"><img src=\"https:\/\/ferienwohnung-deiningen.de\/wp-content\/uploads\/2022\/06\/Anna_Ess_1-scaled-600x300.jpg\" height=\"300\" width=\"600\" alt=\"\" class=\"slider-113 slide-153 msDefaultImage\" title=\"Anna_Ess_1\" \/><div class=\"caption-wrap\"><div class=\"caption\">Essplatz<\/div><\/div><\/li>\n                <li style=\"display: none; width: 100%;\" class=\"slide-151 ms-image \" aria-roledescription=\"slide\" data-date=\"2022-06-27 13:03:40\" data-filename=\"Anna_Bad_1-scaled-600x300.jpg\" data-slide-type=\"image\"><img src=\"https:\/\/ferienwohnung-deiningen.de\/wp-content\/uploads\/2022\/06\/Anna_Bad_1-scaled-600x300.jpg\" height=\"300\" width=\"600\" alt=\"\" class=\"slider-113 slide-151 msDefaultImage\" title=\"Anna_Bad_1\" \/><div class=\"caption-wrap\"><div class=\"caption\">Badezimmer mit ger\u00e4umiger Dusche<\/div><\/div><\/li>\n                <li style=\"display: none; width: 100%;\" class=\"slide-152 ms-image \" aria-roledescription=\"slide\" data-date=\"2022-06-27 13:03:40\" data-filename=\"Anna_Bad_2-scaled-600x300.jpg\" data-slide-type=\"image\"><img src=\"https:\/\/ferienwohnung-deiningen.de\/wp-content\/uploads\/2022\/06\/Anna_Bad_2-scaled-600x300.jpg\" height=\"300\" width=\"600\" alt=\"\" class=\"slider-113 slide-152 msDefaultImage\" title=\"Anna_Bad_2\" \/><div class=\"caption-wrap\"><div class=\"caption\">Badezimmer<\/div><\/div><\/li>\n                <li style=\"display: none; width: 100%;\" class=\"slide-155 ms-image \" aria-roledescription=\"slide\" data-date=\"2022-06-27 13:03:41\" data-filename=\"Anna_Schlafen_1-scaled-600x300.jpg\" data-slide-type=\"image\"><img src=\"https:\/\/ferienwohnung-deiningen.de\/wp-content\/uploads\/2022\/06\/Anna_Schlafen_1-scaled-600x300.jpg\" height=\"300\" width=\"600\" alt=\"\" class=\"slider-113 slide-155 msDefaultImage\" title=\"Anna_Schlafen_1\" \/><div class=\"caption-wrap\"><div class=\"caption\">Das gro\u00dfe Schlafzimmer ist mit 2 Einzelbetten ausgestattet<\/div><\/div><\/li>\n                <li style=\"display: none; width: 100%;\" class=\"slide-156 ms-image \" aria-roledescription=\"slide\" data-date=\"2022-06-27 13:03:41\" data-filename=\"Anna_Schlafen_2-scaled-600x300.jpg\" data-slide-type=\"image\"><img src=\"https:\/\/ferienwohnung-deiningen.de\/wp-content\/uploads\/2022\/06\/Anna_Schlafen_2-scaled-600x300.jpg\" height=\"300\" width=\"600\" alt=\"\" class=\"slider-113 slide-156 msDefaultImage\" title=\"Anna_Schlafen_2\" \/><div class=\"caption-wrap\"><div class=\"caption\">Das 2. Schlafzimmer ist mit einem Einzelbett ausgestattet.<\/div><\/div><\/li>\n                <li style=\"display: none; width: 100%;\" class=\"slide-158 ms-image \" aria-roledescription=\"slide\" data-date=\"2022-06-27 13:03:41\" data-filename=\"S_Wasskueche-scaled-600x300.jpg\" data-slide-type=\"image\"><img src=\"https:\/\/ferienwohnung-deiningen.de\/wp-content\/uploads\/2022\/06\/S_Wasskueche-scaled-600x300.jpg\" height=\"300\" width=\"600\" alt=\"\" class=\"slider-113 slide-158 msDefaultImage\" title=\"S_Wassk\u00fcche\" \/><div class=\"caption-wrap\"><div class=\"caption\">In der Waschk\u00fcche stehen Waschmaschine und Trockner gegen M\u00fcnzeinwurf zur Verf\u00fcgung<\/div><\/div><\/li>\n            <\/ul>\n        <\/div>\n        \n    <\/div>\n<\/div>\n","protected":false},"excerpt":{"rendered":"","protected":false},"author":1,"featured_media":0,"parent":0,"menu_order":0,"comment_status":"closed","ping_status":"closed","template":"","meta":[],"_links":{"self":[{"href":"https:\/\/ferienwohnung-deiningen.de\/index.php?rest_route=\/wp\/v2\/pages\/46"}],"collection":[{"href":"https:\/\/ferienwohnung-deiningen.de\/index.php?rest_route=\/wp\/v2\/pages"}],"about":[{"href":"https:\/\/ferienwohnung-deiningen.de\/index.php?rest_route=\/wp\/v2\/types\/page"}],"author":[{"embeddable":true,"href":"https:\/\/ferienwohnung-deiningen.de\/index.php?rest_route=\/wp\/v2\/users\/1"}],"replies":[{"embeddable":true,"href":"https:\/\/ferienwohnung-deiningen.de\/index.php?rest_route=%2Fwp%2Fv2%2Fcomments&post=46"}],"version-history":[{"count":2,"href":"https:\/\/ferienwohnung-deiningen.de\/index.php?rest_route=\/wp\/v2\/pages\/46\/revisions"}],"predecessor-version":[{"id":159,"href":"https:\/\/ferienwohnung-deiningen.de\/index.php?rest_route=\/wp\/v2\/pages\/46\/revisions\/159"}],"wp:attachment":[{"href":"https:\/\/ferienwohnung-deiningen.de\/index.php?rest_route=%2Fwp%2Fv2%2Fmedia&parent=46"}],"curies":[{"name":"wp","href":"https:\/\/api.w.org\/{rel}","templated":true}]}}